{"id":4775,"date":"2021-11-09T21:52:23","date_gmt":"2021-11-10T02:52:23","guid":{"rendered":"https:\/\/www.evol.ca\/?page_id=4775"},"modified":"2025-07-30T15:04:44","modified_gmt":"2025-07-30T19:04:44","slug":"the-organization","status":"publish","type":"page","link":"https:\/\/www.evol.ca\/en\/about\/the-organization\/","title":{"rendered":"the organization"},"content":{"rendered":"\n\n<div class=\"theme-innerblock__block block-borders  dark-mode\" \n style=\"background-color:rgb(163,40,40); border-style: solid; border-width:0px;border-left-width : 50px; border-left-color :rgb(250,46,31);border-top-width : 50px; border-top-color :rgb(178,208,211);\" >\n    <span class=\"theme-innerblock__block__label block-borders__label\">Content with borders<\/span>\n  \n    \n\n<div class=\"wp-block-columns is-layout-flex wp-container-core-columns-is-layout-9d6595d7 wp-block-columns-is-layout-flex\">\n<div class=\"wp-block-column is-layout-flow wp-block-column-is-layout-flow\" style=\"flex-basis:100%\">\n<div class=\"wp-block-columns is-layout-flex wp-container-core-columns-is-layout-9d6595d7 wp-block-columns-is-layout-flex\">\n<div class=\"wp-block-column is-layout-flow wp-block-column-is-layout-flow\" style=\"flex-basis:25%\">\n<h3 class=\"wp-block-heading has-spring-wood-color has-text-color\" id=\"h-mission\">mission<\/h3>\n\n\n\n<p class=\"has-spring-wood-color has-text-color\"><meta charset=\"utf-8\">We finance and mentor businesses with diverse, inclusive ownership in the 17 regions of Quebec so that they can collectively leave a positive mark on society.<\/p>\n<\/div>\n\n\n\n<div class=\"wp-block-column is-layout-flow wp-block-column-is-layout-flow\" style=\"flex-basis:25%\">\n<h3 class=\"wp-block-heading has-spring-wood-color has-text-color\" id=\"h-vision\">vision<\/h3>\n\n\n\n<p class=\"has-spring-wood-color has-text-color\"><meta charset=\"utf-8\">We play a leading role in impact entrepreneurship in Quebec, stimulating the emergence, growth, and succession of diversified, inclusive businesses.<\/p>\n<\/div>\n\n\n\n<div class=\"wp-block-column is-layout-flow wp-block-column-is-layout-flow\" style=\"flex-basis:25%\">\n<h3 class=\"wp-block-heading has-spring-wood-color has-text-color\" id=\"h-values\"><meta charset=\"utf-8\"><span class=\"has-inline-color has-spring-wood-color\">values<\/span><\/h3>\n\n\n\n<p class=\"has-spring-wood-color has-text-color\">Engagement, openness, trust, excellence, and collaboration.<\/p>\n<\/div>\n\n\n\n<div class=\"wp-block-column is-layout-flow wp-block-column-is-layout-flow\" style=\"flex-basis:25%\">\n<h3 class=\"wp-block-heading has-spring-wood-color has-text-color\" id=\"h-purpose\"><span class=\"has-inline-color has-spring-wood-color\">purpose<\/span><\/h3>\n\n\n\n<p class=\"has-spring-wood-color has-text-color\">We transform entrepreneurship to help create a more diversified, equitable, and sustainable economy.<\/p>\n<\/div>\n<\/div>\n<\/div>\n<\/div>\n\n\n<\/div>\n\n\n<div class=\"block-background  light-mode\" \n style=&quot;background-image:url(https:\/\/www.evol.ca\/wp-content\/uploads\/2021\/10\/background-illustration.svg);background-size:contain&quot; >\n    <span class=\"block-background__label\">Content with background<\/span>\n  \n    \n<section class=\"evol-spacer\"><\/section>\n\n\n\n<h2 class=\"wp-block-heading has-text-align-center\" id=\"h-30-years-of-impact-in-entrepreneurship-in-quebec\">30 years of impact in entrepreneurship in Quebec<\/h2>\n\n\n<section class=\"evol-spacer\"><\/section>\n\n\n\n<div class=\"wp-block-columns is-layout-flex wp-container-core-columns-is-layout-9d6595d7 wp-block-columns-is-layout-flex\">\n<div class=\"wp-block-column is-layout-flow wp-block-column-is-layout-flow\">\n<div class=\"wp-block-getwid-counter\"><div class=\"wp-block-getwid-counter__wrapper\" style=\"text-align:center\" data-start=\"0\" data-end=\"68.2\" data-decimal-places=\"1\" data-duration=\"3\" data-use-easing=\"true\" data-use-grouping=\"true\" data-separator=\",\" data-decimal=\".\" data-easing-fn=\"outExpo\" data-numerals=\"default\"><span class=\"wp-block-getwid-counter__number has-text-color has-pomegranate-color\">0<\/span><p class=\"wp-block-getwid-counter__suffix\"><mark style=\"background-color:rgba(0, 0, 0, 0)\" class=\"has-inline-color has-pomegranate-color\"> $68,2M granted in funding to diversely owned businesses<\/mark><\/p><\/div><\/div>\n\n\n\n<p><\/p>\n<\/div>\n\n\n\n<div class=\"wp-block-column is-layout-flow wp-block-column-is-layout-flow\">\n<div class=\"wp-block-getwid-counter\"><div class=\"wp-block-getwid-counter__wrapper\" style=\"text-align:center\" data-start=\"0\" data-end=\"1524\" data-decimal-places=\"0\" data-duration=\"3\" data-use-easing=\"true\" data-use-grouping=\"true\" data-separator=\" \" data-decimal=\".\" data-easing-fn=\"outExpo\" data-numerals=\"default\"><span class=\"wp-block-getwid-counter__number has-text-color has-pomegranate-color\">0<\/span><p class=\"wp-block-getwid-counter__suffix\"><mark style=\"background-color:rgba(0, 0, 0, 0)\" class=\"has-inline-color has-pomegranate-color\">1 524 financed businesses<\/mark><\/p><\/div><\/div>\n<\/div>\n\n\n\n<div class=\"wp-block-column is-layout-flow wp-block-column-is-layout-flow\">\n<div class=\"wp-block-getwid-counter\"><div class=\"wp-block-getwid-counter__wrapper\" style=\"text-align:center\" data-start=\"0\" data-end=\"10196\" data-decimal-places=\"0\" data-duration=\"3\" data-use-easing=\"true\" data-use-grouping=\"true\" data-separator=\" \" data-decimal=\".\" data-easing-fn=\"outExpo\" data-numerals=\"default\"><span class=\"wp-block-getwid-counter__number has-text-color has-pomegranate-color\">0<\/span><p class=\"wp-block-getwid-counter__suffix\"><mark style=\"background-color:rgba(0, 0, 0, 0)\" class=\"has-inline-color has-pomegranate-color\">+ 10 196 jobs created and maintained<\/mark><\/p><\/div><\/div>\n<\/div>\n\n\n\n<div class=\"wp-block-column is-layout-flow wp-block-column-is-layout-flow\">\n<div class=\"wp-block-getwid-counter\"><div class=\"wp-block-getwid-counter__wrapper\" style=\"text-align:center\" data-start=\"0\" data-end=\"90000\" data-decimal-places=\"0\" data-duration=\"3\" data-use-easing=\"true\" data-use-grouping=\"true\" data-separator=\" \" data-decimal=\".\" data-easing-fn=\"outExpo\" data-numerals=\"default\"><span class=\"wp-block-getwid-counter__number has-text-color has-pomegranate-color\">0<\/span><p class=\"wp-block-getwid-counter__suffix\"><mark style=\"background-color:rgba(0, 0, 0, 0)\" class=\"has-inline-color has-pomegranate-color\">+ 90 000 entrepreneurs<\/mark> <mark style=\"background-color:rgba(0, 0, 0, 0)\" class=\"has-inline-color has-pomegranate-color\">touched by our actions<\/mark><\/p><\/div><\/div>\n<\/div>\n\n\n\n<div class=\"wp-block-column is-layout-flow wp-block-column-is-layout-flow\">\n<div class=\"wp-block-getwid-counter\"><div class=\"wp-block-getwid-counter__wrapper\" style=\"text-align:center\" data-start=\"0\" data-end=\"330.4\" data-decimal-places=\"1\" data-duration=\"3\" data-use-easing=\"true\" data-use-grouping=\"true\" data-separator=\",\" data-decimal=\",\" data-easing-fn=\"outExpo\" data-numerals=\"default\"><span class=\"wp-block-getwid-counter__number has-text-color has-pomegranate-color\">0<\/span><p class=\"wp-block-getwid-counter__suffix\"><mark style=\"background-color:rgba(0, 0, 0, 0)\" class=\"has-inline-color has-pomegranate-color\">$330,4M of investment spin-offs<\/mark><\/p><\/div><\/div>\n<\/div>\n<\/div>\n\n\n<section class=\"evol-spacer\"><\/section>\n\n\n\n<\/div>\n\n                    \n\n\n<section class=\"evol-spacer\"><\/section>\n\n\n\n<h2 class=\"wp-block-heading\" id=\"h-evol-financing-change-for-30-years\">Evol, financing change for 30 years<\/h2>\n\n\n\n<p>Evol stems from the evolution of Femmessor, an organization that is now celebrating 30 years of commitment to building a more inclusive and sustainable economy.<\/p>\n\n\n\n<p>It all began in 1995 on Quebec\u2019s North Shore, driven by the bold vision of a group of businesswomen, entrepreneurs, and socio-economic leaders who pooled their efforts and resources to create the very first investment fund dedicated to women entrepreneurs.<\/p>\n\n\n\n<p>The success of this pioneering initiative prompted the Government of Quebec to support the creation of similar organizations across the province. Between 2001 and 2013, Femmessor progressively expanded into all 17 regions of Quebec, positioning the province as one of the most forward-thinking ecosystems in terms of support for women entrepreneurs.<\/p>\n\n\n\n<p>In 2016, the 17 regional entities and the Femmessor network merged into a single organization. That same year, the <em>Fonds pour les femmes entrepreneures <\/em>FQ was launched through partnerships with Fondaction and Investissement Qu\u00e9bec, as an agent for the Government of Quebec. This gave Femmessor access to nearly $19 million to offer conventional loans to businesses in which at least one woman held a strategic role and owned a minimum of 25% of the shares and voting rights.<\/p>\n\n\n\n<p>In 2021, Femmessor expanded its mission to support a broader range of underrepresented entrepreneurs and refreshed its brand identity, becoming Evol.<\/p>\n\n\n\n<p>Thanks to key partnerships with the Government of Quebec (for which Investissement Quebec is the agent), National Bank, BDC, the Fonds de solidarit\u00e9 FTQ, and Fondaction, Evol launched a new impact funding envelope. This nearly $60 million fund provides conventional loans to businesses led by at least one person from underrepresented groups who holds a strategic role and owns a minimum of 25% of shares and voting rights.<\/p>\n\n\n\n<p>Thirty years on, Evol continues to pursue its bold ambition: transforming the economy to make it more inclusive, equitable, and sustainable.<\/p>\n\n\n\n\n<div class=\"theme-innerblock__block block-borders  light-mode\" \n style=\"background-color:rgb(178,208,211); border-style: solid; border-width:0px;border-left-width : 50px; border-left-color :rgb(58,90,112);border-top-width : 50px; border-top-color :rgb(255,255,255);\" >\n    <span class=\"theme-innerblock__block__label block-borders__label\">Content with borders<\/span>\n  \n    \n\n<h2 class=\"wp-block-heading\" id=\"h-governance\"><mark style=\"background-color:rgba(0, 0, 0, 0)\" class=\"has-inline-color has-pomegranate-color\"><mark style=\"background-color:rgba(0, 0, 0, 0)\" class=\"has-inline-color has-pomegranate-color\">governance<\/mark><\/mark><\/h2>\n\n\n\n<p>Evol&#8217;s Board of Directors is composed of 14 members, most of whom are women and men entrepreneurs, who ensure the good governance of the organization. At Evol, we believe that diversity is a guarantee of innovation and success. We rely on the collective intelligence and complementary strengths of our team members.<\/p>\n\n\n\n<h5 class=\"wp-block-heading has-william-color has-text-color\" id=\"h-board-of-directors-2025-2026\">Board of Directors 2025-2026<\/h5>\n\n\n<section id=\"block_0734be9284705668b98d28040476be07\" class=\"team-slider theme-block alignfull\">\n \n  <div class=\"team-slider__carousel__container swiper__container\">\n \n    <div class=\"team-slider__carousel swiper\">\n      <div class=\"swiper-wrapper\">\n      \n      <div class=\"team-slider__slide swiper-slide\" tabindex=\"0\">\n              \n<div class=\"team-member\">\n  <div class=\"team-member__container\">\n    <img decoding=\"async\" width=\"300\" height=\"550\" src=\"https:\/\/www.evol.ca\/wp-content\/uploads\/2022\/10\/Martel-Nadia-web-300x550.jpg\" class=\"attachment-team size-team wp-post-image\" alt=\"\" \/>    <div class=\"team-member__content\">\n      <h4 class=\"team-member__title\">Nadia Martel<\/h4>\n              <p class=\"team-member__position\">President (Founding partner, i4 Capital Fund)<\/p>\n                            <\/div>\n  <\/div>\n<\/div>\n      <\/div>\n\n        \n      <div class=\"team-slider__slide swiper-slide\" tabindex=\"0\">\n              \n<div class=\"team-member\">\n  <div class=\"team-member__container\">\n    <img decoding=\"async\" width=\"300\" height=\"550\" src=\"https:\/\/www.evol.ca\/wp-content\/uploads\/2022\/10\/Bourgeois-Lucie-Web-300x550.jpg\" class=\"attachment-team size-team wp-post-image\" alt=\"\" \/>    <div class=\"team-member__content\">\n      <h4 class=\"team-member__title\">Lucie Bourgeois<\/h4>\n              <p class=\"team-member__position\">Vice-president (Founding president, Umalia)<\/p>\n                            <\/div>\n  <\/div>\n<\/div>\n      <\/div>\n\n        \n      <div class=\"team-slider__slide swiper-slide\" tabindex=\"0\">\n              \n<div class=\"team-member\">\n  <div class=\"team-member__container\">\n    <img decoding=\"async\" width=\"300\" height=\"550\" src=\"https:\/\/www.evol.ca\/wp-content\/uploads\/2022\/10\/Faucher-Franc\u0327ois-web-300x550.jpg\" class=\"attachment-team size-team wp-post-image\" alt=\"\" \/>    <div class=\"team-member__content\">\n      <h4 class=\"team-member__title\">Fran\u00e7ois Faucher<\/h4>\n              <p class=\"team-member__position\">Treasurer (President, Gestion Cinq-F Inc. \u2014 Consulting and Support)<\/p>\n                            <\/div>\n  <\/div>\n<\/div>\n      <\/div>\n\n        \n      <div class=\"team-slider__slide swiper-slide\" tabindex=\"0\">\n              \n<div class=\"team-member\">\n  <div class=\"team-member__container\">\n    <img decoding=\"async\" width=\"300\" height=\"550\" src=\"https:\/\/www.evol.ca\/wp-content\/uploads\/2023\/10\/Farnel_Fleurant_2023-12_WEB-300x550.jpg\" class=\"attachment-team size-team wp-post-image\" alt=\"\" \/>    <div class=\"team-member__content\">\n      <h4 class=\"team-member__title\">Farnel Fleurant<\/h4>\n              <p class=\"team-member__position\">Secretary (Founder and CEO of Workind)<\/p>\n                            <\/div>\n  <\/div>\n<\/div>\n      <\/div>\n\n        \n      <div class=\"team-slider__slide swiper-slide\" tabindex=\"0\">\n              \n<div class=\"team-member\">\n  <div class=\"team-member__container\">\n    <img decoding=\"async\" width=\"300\" height=\"550\" src=\"https:\/\/www.evol.ca\/wp-content\/uploads\/2024\/06\/benoitauger-300x550.png\" class=\"attachment-team size-team wp-post-image\" alt=\"\" \/>    <div class=\"team-member__content\">\n      <h4 class=\"team-member__title\">Benoit Auger<\/h4>\n              <p class=\"team-member__position\">Director (CPA, Partner at PwC Canada)<\/p>\n                            <\/div>\n  <\/div>\n<\/div>\n      <\/div>\n\n        \n      <div class=\"team-slider__slide swiper-slide\" tabindex=\"0\">\n              \n<div class=\"team-member\">\n  <div class=\"team-member__container\">\n    <img decoding=\"async\" width=\"300\" height=\"550\" src=\"https:\/\/www.evol.ca\/wp-content\/uploads\/2021\/12\/Bouchard-Marc-Modifier-Web-300x550.jpg\" class=\"attachment-team size-team wp-post-image\" alt=\"\" \/>    <div class=\"team-member__content\">\n      <h4 class=\"team-member__title\">Marc Bouchard<\/h4>\n              <p class=\"team-member__position\">Administrateur (Vice-pr\u00e9sident, Gestion des risques de cr\u00e9dit et de participation chez Investissement Qu\u00e9bec)<\/p>\n                            <\/div>\n  <\/div>\n<\/div>\n      <\/div>\n\n        \n      <div class=\"team-slider__slide swiper-slide\" tabindex=\"0\">\n              \n<div class=\"team-member\">\n  <div class=\"team-member__container\">\n    <img decoding=\"async\" width=\"300\" height=\"550\" src=\"https:\/\/www.evol.ca\/wp-content\/uploads\/2023\/10\/Myriam_Crevier_Web-300x550.png\" class=\"attachment-team size-team wp-post-image\" alt=\"\" \/>    <div class=\"team-member__content\">\n      <h4 class=\"team-member__title\">Myriam Crevier<\/h4>\n              <p class=\"team-member__position\">Director (Senior partner and General manager at Syrus)<\/p>\n                            <\/div>\n  <\/div>\n<\/div>\n      <\/div>\n\n        \n      <div class=\"team-slider__slide swiper-slide\" tabindex=\"0\">\n              \n<div class=\"team-member\">\n  <div class=\"team-member__container\">\n    <img decoding=\"async\" width=\"300\" height=\"550\" src=\"https:\/\/www.evol.ca\/wp-content\/uploads\/2023\/10\/Bhaskor_Guha_Web-300x550.png\" class=\"attachment-team size-team wp-post-image\" alt=\"\" \/>    <div class=\"team-member__content\">\n      <h4 class=\"team-member__title\">Bhaskor Guha<\/h4>\n              <p class=\"team-member__position\">Director (Founder, TLM)<\/p>\n                            <\/div>\n  <\/div>\n<\/div>\n      <\/div>\n\n        \n      <div class=\"team-slider__slide swiper-slide\" tabindex=\"0\">\n              \n<div class=\"team-member\">\n  <div class=\"team-member__container\">\n    <img decoding=\"async\" width=\"300\" height=\"550\" src=\"https:\/\/www.evol.ca\/wp-content\/uploads\/2023\/10\/Nathalie_Nasserie_Web-300x550.png\" class=\"attachment-team size-team wp-post-image\" alt=\"\" \/>    <div class=\"team-member__content\">\n      <h4 class=\"team-member__title\">Nathalie Nasseri<\/h4>\n              <p class=\"team-member__position\">Director (Senior business advisor at Inno-Centre)<\/p>\n                            <\/div>\n  <\/div>\n<\/div>\n      <\/div>\n\n        \n      <div class=\"team-slider__slide swiper-slide\" tabindex=\"0\">\n              \n<div class=\"team-member\">\n  <div class=\"team-member__container\">\n    <img decoding=\"async\" width=\"300\" height=\"550\" src=\"https:\/\/www.evol.ca\/wp-content\/uploads\/2023\/10\/Richard_Painchaud_Web-300x550.png\" class=\"attachment-team size-team wp-post-image\" alt=\"\" \/>    <div class=\"team-member__content\">\n      <h4 class=\"team-member__title\">Richard Painchaud<\/h4>\n              <p class=\"team-member__position\">Director (President, Kourant Technologies Inc.)<\/p>\n                            <\/div>\n  <\/div>\n<\/div>\n      <\/div>\n\n        \n      <div class=\"team-slider__slide swiper-slide\" tabindex=\"0\">\n              \n<div class=\"team-member\">\n  <div class=\"team-member__container\">\n    <img decoding=\"async\" width=\"300\" height=\"550\" src=\"https:\/\/www.evol.ca\/wp-content\/uploads\/2021\/12\/Nollet-Michelle-Web-300x550.jpg\" class=\"attachment-team size-team wp-post-image\" alt=\"\" \/>    <div class=\"team-member__content\">\n      <h4 class=\"team-member__title\">Michelle Nollet<\/h4>\n              <p class=\"team-member__position\">Observatrice (Conseill\u00e8re, Direction du soutien \u00e0 l\u2019entrepreneuriat et aux cr\u00e9neaux d\u2019excellence, Minist\u00e8re de l\u2019\u00c9conomie et de l\u2019Innovation)<\/p>\n                            <\/div>\n  <\/div>\n<\/div>\n      <\/div>\n\n        \n      <div class=\"team-slider__slide swiper-slide\" tabindex=\"0\">\n              \n<div class=\"team-member\">\n  <div class=\"team-member__container\">\n    <img decoding=\"async\" width=\"300\" height=\"550\" src=\"https:\/\/www.evol.ca\/wp-content\/uploads\/2025\/07\/France_Admin_WEB-300x550.jpg\" class=\"attachment-team size-team wp-post-image\" alt=\"France Desharnais, membre du conseil d&#039;administration d&#039;Evol\" \/>    <div class=\"team-member__content\">\n      <h4 class=\"team-member__title\">France Desharnais<\/h4>\n              <p class=\"team-member__position\">Director (Corporate director)<\/p>\n                            <\/div>\n  <\/div>\n<\/div>\n      <\/div>\n\n        \n      <div class=\"team-slider__slide swiper-slide\" tabindex=\"0\">\n              \n<div class=\"team-member\">\n  <div class=\"team-member__container\">\n    <img decoding=\"async\" width=\"300\" height=\"550\" src=\"https:\/\/www.evol.ca\/wp-content\/uploads\/2025\/07\/Fabienne_Admin_WEB-300x550.jpg\" class=\"attachment-team size-team wp-post-image\" alt=\"Fabienne Lacoste, membre du conseil d&#039;administration d&#039;Evol\" \/>    <div class=\"team-member__content\">\n      <h4 class=\"team-member__title\">Fabienne Lacoste<\/h4>\n              <p class=\"team-member__position\">Director (Corporate director)<\/p>\n                            <\/div>\n  <\/div>\n<\/div>\n      <\/div>\n\n        \n      <div class=\"team-slider__slide swiper-slide\" tabindex=\"0\">\n              \n<div class=\"team-member\">\n  <div class=\"team-member__container\">\n    <img decoding=\"async\" width=\"300\" height=\"550\" src=\"https:\/\/www.evol.ca\/wp-content\/uploads\/2025\/07\/Stephanie_WEB_800x1200-300x550.jpg\" class=\"attachment-team size-team wp-post-image\" alt=\"\" \/>    <div class=\"team-member__content\">\n      <h4 class=\"team-member__title\">St\u00e9phanie Robichaud<\/h4>\n              <p class=\"team-member__position\">Director (General Manager, Allard, Allard et associ\u00e9s inc.)<\/p>\n                            <\/div>\n  <\/div>\n<\/div>\n      <\/div>\n\n              <\/div>\n    <\/div>\n    <div class=\"team-slider__carousel__navigation container\">\n      <div class=\"swiper-button-prev\"><\/div>\n      <div class=\"swiper-button-next\"><\/div>\n    <\/div>\n  <\/div>\n<\/section>\n\n\n<section class=\"evol-spacer\"><\/section>\n\n\n<\/div>\n\n\n<div class=\"block-background  light-mode\" \n style=&quot;background-color:#a32828;&quot; >\n    <span class=\"block-background__label\">Content with background<\/span>\n  \n    \n\n<div class=\"wp-block-media-text is-stacked-on-mobile is-vertically-aligned-bottom is-style-default\" style=\"grid-template-columns:30% auto\"><figure class=\"wp-block-media-text__media\"><img decoding=\"async\" width=\"1024\" height=\"1024\" src=\"https:\/\/www.evol.ca\/wp-content\/uploads\/2023\/06\/GeraldineMartin-1024x1024.png\" alt=\"\" class=\"wp-image-16092 size-full\" srcset=\"https:\/\/www.evol.ca\/wp-content\/uploads\/2023\/06\/GeraldineMartin-1024x1024.png 1024w, https:\/\/www.evol.ca\/wp-content\/uploads\/2023\/06\/GeraldineMartin-300x300.png 300w, https:\/\/www.evol.ca\/wp-content\/uploads\/2023\/06\/GeraldineMartin-150x150.png 150w, https:\/\/www.evol.ca\/wp-content\/uploads\/2023\/06\/GeraldineMartin-768x768.png 768w, https:\/\/www.evol.ca\/wp-content\/uploads\/2023\/06\/GeraldineMartin-400x400.png 400w, https:\/\/www.evol.ca\/wp-content\/uploads\/2023\/06\/GeraldineMartin-600x600.png 600w, https:\/\/www.evol.ca\/wp-content\/uploads\/2023\/06\/GeraldineMartin-100x100.png 100w, https:\/\/www.evol.ca\/wp-content\/uploads\/2023\/06\/GeraldineMartin.png 1279w\" sizes=\"(max-width: 1024px) 100vw, 1024px\" \/><\/figure><div class=\"wp-block-media-text__content\">\n<h2 class=\"wp-block-heading has-spring-wood-color has-text-color\" id=\"h-evol-s-ceo\"> Evol\u2019s CEO <\/h2>\n\n\n\n<h3 class=\"wp-block-heading has-jungle-mist-color has-text-color\" id=\"h-geraldine-martin\">G\u00e9raldine Martin<\/h3>\n\n\n\n<div class=\"wp-block-getwid-social-links has-default-spacing\" style=\"font-size:23px\"><ul class=\"wp-block-getwid-social-links__list\"><li class=\"wp-block-getwid-social-links__item\"><a class=\"wp-block-getwid-social-links__link\" href=\"https:\/\/www.linkedin.com\/in\/g%C3%A9raldine-martin-948a7a19\/\" target=\"_blank\" rel=\"noreferrer noopener\"><span class=\"wp-block-getwid-social-links__wrapper has-text-color has-spring-wood-color\"><i class=\"fab fa-linkedin-in\"><\/i><\/span><\/a><\/li><\/ul><\/div>\n\n\n\n<div style=\"height:20px\" aria-hidden=\"true\" class=\"wp-block-spacer\"><\/div>\n\n\n\n<p class=\"has-spring-wood-color has-text-color\">G\u00e9raldine Martin has been CEO of Evol since June 2023. With a degree in finance and a passion for communications, she worked in the media and economic development, determined to make a difference in the lives of entrepreneurs. Convinced that business owners play an essential, transformative role in social and sustainable economic development, G\u00e9raldine is now pursuing Evol\u2019s mission to support businesses with diversified, inclusive ownership that want to have a positive impact on society.<\/p>\n<\/div><\/div>\n\n\n\n<\/div>\n\n                    \n","protected":false},"excerpt":{"rendered":"<p>Evol, financing change for 30 years Evol stems from the evolution of Femmessor, an organization that is now celebrating 30 years of commitment to building a more inclusive and sustainable economy. It all began in 1995 on Quebec\u2019s North Shore, driven by the bold vision of a group of businesswomen, entrepreneurs, and socio-economic leaders who &hellip; <a href=\"https:\/\/www.evol.ca\/en\/about\/the-organization\/\">Continued<\/a><\/p>\n","protected":false},"author":3,"featured_media":23797,"parent":4773,"menu_order":0,"comment_status":"closed","ping_status":"closed","template":"","meta":{"_acf_changed":false,"_relevanssi_hide_post":"","_relevanssi_hide_content":"","_relevanssi_pin_for_all":"","_relevanssi_pin_keywords":"","_relevanssi_unpin_keywords":"","_relevanssi_related_keywords":"","_relevanssi_related_include_ids":"","_relevanssi_related_exclude_ids":"","_relevanssi_related_no_append":"","_relevanssi_related_not_related":"","_relevanssi_related_posts":"4842,4808","_relevanssi_noindex_reason":"","footnotes":""},"class_list":["post-4775","page","type-page","status-publish","has-post-thumbnail","hentry"],"acf":[],"yoast_head":"<!-- This site is optimized with the Yoast SEO Premium plugin v27.4 (Yoast SEO v27.4) - https:\/\/yoast.com\/product\/yoast-seo-premium-wordpress\/ -->\n<title>the organization - evol<\/title>\n<meta name=\"description\" content=\"Our organization finance and mentor businesses with diverse, inclusive ownership in the 17 regions of Quebec.\" \/>\n<meta name=\"robots\" content=\"index, follow, max-snippet:-1, max-image-preview:large, max-video-preview:-1\" \/>\n<link rel=\"canonical\" href=\"https:\/\/www.evol.ca\/en\/about\/the-organization\/\" \/>\n<meta property=\"og:locale\" content=\"en_US\" \/>\n<meta property=\"og:type\" content=\"article\" \/>\n<meta property=\"og:title\" content=\"the organization\" \/>\n<meta property=\"og:description\" content=\"Our organization finance and mentor businesses with diverse, inclusive ownership in the 17 regions of Quebec.\" \/>\n<meta property=\"og:url\" content=\"https:\/\/www.evol.ca\/en\/about\/the-organization\/\" \/>\n<meta property=\"og:site_name\" content=\"evol\" \/>\n<meta property=\"article:publisher\" content=\"https:\/\/www.facebook.com\/EvolQC\" \/>\n<meta property=\"article:modified_time\" content=\"2025-07-30T19:04:44+00:00\" \/>\n<meta property=\"og:image\" content=\"https:\/\/www.evol.ca\/wp-content\/uploads\/2025\/02\/Thumbnail_Organisation_FR.jpg\" \/>\n\t<meta property=\"og:image:width\" content=\"1200\" \/>\n\t<meta property=\"og:image:height\" content=\"800\" \/>\n\t<meta property=\"og:image:type\" content=\"image\/jpeg\" \/>\n<meta name=\"twitter:card\" content=\"summary_large_image\" \/>\n<meta name=\"twitter:label1\" content=\"Est. reading time\" \/>\n\t<meta name=\"twitter:data1\" content=\"4 minutes\" \/>\n<script type=\"application\/ld+json\" class=\"yoast-schema-graph\">{\"@context\":\"https:\\\/\\\/schema.org\",\"@graph\":[{\"@type\":\"WebPage\",\"@id\":\"https:\\\/\\\/www.evol.ca\\\/en\\\/about\\\/the-organization\\\/\",\"url\":\"https:\\\/\\\/www.evol.ca\\\/en\\\/about\\\/the-organization\\\/\",\"name\":\"the organization - evol\",\"isPartOf\":{\"@id\":\"https:\\\/\\\/www.evol.ca\\\/#website\"},\"primaryImageOfPage\":{\"@id\":\"https:\\\/\\\/www.evol.ca\\\/en\\\/about\\\/the-organization\\\/#primaryimage\"},\"image\":{\"@id\":\"https:\\\/\\\/www.evol.ca\\\/en\\\/about\\\/the-organization\\\/#primaryimage\"},\"thumbnailUrl\":\"https:\\\/\\\/www.evol.ca\\\/wp-content\\\/uploads\\\/2025\\\/02\\\/Thumbnail_Organisation_FR.jpg\",\"datePublished\":\"2021-11-10T02:52:23+00:00\",\"dateModified\":\"2025-07-30T19:04:44+00:00\",\"description\":\"Our organization finance and mentor businesses with diverse, inclusive ownership in the 17 regions of Quebec.\",\"breadcrumb\":{\"@id\":\"https:\\\/\\\/www.evol.ca\\\/en\\\/about\\\/the-organization\\\/#breadcrumb\"},\"inLanguage\":\"en-US\",\"potentialAction\":[{\"@type\":\"ReadAction\",\"target\":[\"https:\\\/\\\/www.evol.ca\\\/en\\\/about\\\/the-organization\\\/\"]}]},{\"@type\":\"ImageObject\",\"inLanguage\":\"en-US\",\"@id\":\"https:\\\/\\\/www.evol.ca\\\/en\\\/about\\\/the-organization\\\/#primaryimage\",\"url\":\"https:\\\/\\\/www.evol.ca\\\/wp-content\\\/uploads\\\/2025\\\/02\\\/Thumbnail_Organisation_FR.jpg\",\"contentUrl\":\"https:\\\/\\\/www.evol.ca\\\/wp-content\\\/uploads\\\/2025\\\/02\\\/Thumbnail_Organisation_FR.jpg\",\"width\":1200,\"height\":800},{\"@type\":\"BreadcrumbList\",\"@id\":\"https:\\\/\\\/www.evol.ca\\\/en\\\/about\\\/the-organization\\\/#breadcrumb\",\"itemListElement\":[{\"@type\":\"ListItem\",\"position\":1,\"name\":\"Accueil\",\"item\":\"https:\\\/\\\/www.evol.ca\\\/en\\\/\"},{\"@type\":\"ListItem\",\"position\":2,\"name\":\"about\",\"item\":\"https:\\\/\\\/www.evol.ca\\\/en\\\/about\\\/\"},{\"@type\":\"ListItem\",\"position\":3,\"name\":\"the organization\"}]},{\"@type\":\"WebSite\",\"@id\":\"https:\\\/\\\/www.evol.ca\\\/#website\",\"url\":\"https:\\\/\\\/www.evol.ca\\\/\",\"name\":\"evol\",\"description\":\"financer le changement\",\"publisher\":{\"@id\":\"https:\\\/\\\/www.evol.ca\\\/#organization\"},\"potentialAction\":[{\"@type\":\"SearchAction\",\"target\":{\"@type\":\"EntryPoint\",\"urlTemplate\":\"https:\\\/\\\/www.evol.ca\\\/?s={search_term_string}\"},\"query-input\":{\"@type\":\"PropertyValueSpecification\",\"valueRequired\":true,\"valueName\":\"search_term_string\"}}],\"inLanguage\":\"en-US\"},{\"@type\":\"Organization\",\"@id\":\"https:\\\/\\\/www.evol.ca\\\/#organization\",\"name\":\"Evol\",\"url\":\"https:\\\/\\\/www.evol.ca\\\/\",\"logo\":{\"@type\":\"ImageObject\",\"inLanguage\":\"en-US\",\"@id\":\"https:\\\/\\\/www.evol.ca\\\/#\\\/schema\\\/logo\\\/image\\\/\",\"url\":\"https:\\\/\\\/www.evol.ca\\\/wp-content\\\/uploads\\\/2021\\\/10\\\/evol_financer_verti_rouge_RGB_FR.svg\",\"contentUrl\":\"https:\\\/\\\/www.evol.ca\\\/wp-content\\\/uploads\\\/2021\\\/10\\\/evol_financer_verti_rouge_RGB_FR.svg\",\"width\":371,\"height\":319,\"caption\":\"Evol\"},\"image\":{\"@id\":\"https:\\\/\\\/www.evol.ca\\\/#\\\/schema\\\/logo\\\/image\\\/\"},\"sameAs\":[\"https:\\\/\\\/www.facebook.com\\\/EvolQC\",\"https:\\\/\\\/www.linkedin.com\\\/company\\\/evolfinancement\\\/\",\"https:\\\/\\\/www.youtube.com\\\/channel\\\/UCtul9JAsLW-vB_KrlGSxHOw\"],\"description\":\"Nous offrons des pr\u00eats d\u2019entreprise et de l\u2019accompagnement aux entreprises ayant, ou qui souhaitent avoir, un impact positif, et ce, dans les 17 r\u00e9gions du Qu\u00e9bec. En ce sens, tous les entrepreneur\u00b7es qui obtiennent un pr\u00eat d\u2019entreprise avec nous sont invit\u00e9s \u00e0 s\u2019engager dans une d\u00e9marche de d\u00e9veloppement durable avec leur entreprise. Notre offre de financement inclut un accompagnement soutenu tout au long de la dur\u00e9e de votre pr\u00eat d\u2019entreprise. En nous choisissant comme partenaire financier, vous aurez acc\u00e8s \u00e0 de multiples services et ressources : suivis personnalis\u00e9s, autodiagnostic des comp\u00e9tences entrepreneuriales, suivis des \u00e9tats financiers, consultations gratuites aupr\u00e8s d\u2019experts de notre Brigade-conseil, ressources en d\u00e9veloppement durable, capsules \u00e9ducatives en ligne, etc. Notre approche est humaine et empathique. Ainsi, le soutien offert est adapt\u00e9 \u00e0 votre r\u00e9alit\u00e9 afin de maximiser vos chances de vous d\u00e9velopper pleinement selon vos ambitions. Notre offre de services est destin\u00e9e aux entreprises en d\u00e9marrage, en croissance ou en processus de rel\u00e8ve ou d\u2019acquisition, dont la propri\u00e9t\u00e9 est diversifi\u00e9e et inclusive. C\u2019est-\u00e0-dire qu\u2019elle est dirig\u00e9e par au moins une personne appartenant \u00e0 une communaut\u00e9 sous-repr\u00e9sent\u00e9e en entrepreneuriat (femmes, personnes racis\u00e9es, personnes immigrantes, membres Premi\u00e8res Nations et Inuits, personnes de la communaut\u00e9 LGBTQ2S+ et personnes en situation de handicap) qui d\u00e9tient un poste strat\u00e9gique au sein de l\u2019entreprise et au moins 25 % des parts et des votes.\",\"telephone\":\"18445237767\"}]}<\/script>\n<!-- \/ Yoast SEO Premium plugin. -->","yoast_head_json":{"title":"the organization - evol","description":"Our organization finance and mentor businesses with diverse, inclusive ownership in the 17 regions of Quebec.","robots":{"index":"index","follow":"follow","max-snippet":"max-snippet:-1","max-image-preview":"max-image-preview:large","max-video-preview":"max-video-preview:-1"},"canonical":"https:\/\/www.evol.ca\/en\/about\/the-organization\/","og_locale":"en_US","og_type":"article","og_title":"the organization","og_description":"Our organization finance and mentor businesses with diverse, inclusive ownership in the 17 regions of Quebec.","og_url":"https:\/\/www.evol.ca\/en\/about\/the-organization\/","og_site_name":"evol","article_publisher":"https:\/\/www.facebook.com\/EvolQC","article_modified_time":"2025-07-30T19:04:44+00:00","og_image":[{"width":1200,"height":800,"url":"https:\/\/www.evol.ca\/wp-content\/uploads\/2025\/02\/Thumbnail_Organisation_FR.jpg","type":"image\/jpeg"}],"twitter_card":"summary_large_image","twitter_misc":{"Est. reading time":"4 minutes"},"schema":{"@context":"https:\/\/schema.org","@graph":[{"@type":"WebPage","@id":"https:\/\/www.evol.ca\/en\/about\/the-organization\/","url":"https:\/\/www.evol.ca\/en\/about\/the-organization\/","name":"the organization - evol","isPartOf":{"@id":"https:\/\/www.evol.ca\/#website"},"primaryImageOfPage":{"@id":"https:\/\/www.evol.ca\/en\/about\/the-organization\/#primaryimage"},"image":{"@id":"https:\/\/www.evol.ca\/en\/about\/the-organization\/#primaryimage"},"thumbnailUrl":"https:\/\/www.evol.ca\/wp-content\/uploads\/2025\/02\/Thumbnail_Organisation_FR.jpg","datePublished":"2021-11-10T02:52:23+00:00","dateModified":"2025-07-30T19:04:44+00:00","description":"Our organization finance and mentor businesses with diverse, inclusive ownership in the 17 regions of Quebec.","breadcrumb":{"@id":"https:\/\/www.evol.ca\/en\/about\/the-organization\/#breadcrumb"},"inLanguage":"en-US","potentialAction":[{"@type":"ReadAction","target":["https:\/\/www.evol.ca\/en\/about\/the-organization\/"]}]},{"@type":"ImageObject","inLanguage":"en-US","@id":"https:\/\/www.evol.ca\/en\/about\/the-organization\/#primaryimage","url":"https:\/\/www.evol.ca\/wp-content\/uploads\/2025\/02\/Thumbnail_Organisation_FR.jpg","contentUrl":"https:\/\/www.evol.ca\/wp-content\/uploads\/2025\/02\/Thumbnail_Organisation_FR.jpg","width":1200,"height":800},{"@type":"BreadcrumbList","@id":"https:\/\/www.evol.ca\/en\/about\/the-organization\/#breadcrumb","itemListElement":[{"@type":"ListItem","position":1,"name":"Accueil","item":"https:\/\/www.evol.ca\/en\/"},{"@type":"ListItem","position":2,"name":"about","item":"https:\/\/www.evol.ca\/en\/about\/"},{"@type":"ListItem","position":3,"name":"the organization"}]},{"@type":"WebSite","@id":"https:\/\/www.evol.ca\/#website","url":"https:\/\/www.evol.ca\/","name":"evol","description":"financer le changement","publisher":{"@id":"https:\/\/www.evol.ca\/#organization"},"potentialAction":[{"@type":"SearchAction","target":{"@type":"EntryPoint","urlTemplate":"https:\/\/www.evol.ca\/?s={search_term_string}"},"query-input":{"@type":"PropertyValueSpecification","valueRequired":true,"valueName":"search_term_string"}}],"inLanguage":"en-US"},{"@type":"Organization","@id":"https:\/\/www.evol.ca\/#organization","name":"Evol","url":"https:\/\/www.evol.ca\/","logo":{"@type":"ImageObject","inLanguage":"en-US","@id":"https:\/\/www.evol.ca\/#\/schema\/logo\/image\/","url":"https:\/\/www.evol.ca\/wp-content\/uploads\/2021\/10\/evol_financer_verti_rouge_RGB_FR.svg","contentUrl":"https:\/\/www.evol.ca\/wp-content\/uploads\/2021\/10\/evol_financer_verti_rouge_RGB_FR.svg","width":371,"height":319,"caption":"Evol"},"image":{"@id":"https:\/\/www.evol.ca\/#\/schema\/logo\/image\/"},"sameAs":["https:\/\/www.facebook.com\/EvolQC","https:\/\/www.linkedin.com\/company\/evolfinancement\/","https:\/\/www.youtube.com\/channel\/UCtul9JAsLW-vB_KrlGSxHOw"],"description":"Nous offrons des pr\u00eats d\u2019entreprise et de l\u2019accompagnement aux entreprises ayant, ou qui souhaitent avoir, un impact positif, et ce, dans les 17 r\u00e9gions du Qu\u00e9bec. En ce sens, tous les entrepreneur\u00b7es qui obtiennent un pr\u00eat d\u2019entreprise avec nous sont invit\u00e9s \u00e0 s\u2019engager dans une d\u00e9marche de d\u00e9veloppement durable avec leur entreprise. Notre offre de financement inclut un accompagnement soutenu tout au long de la dur\u00e9e de votre pr\u00eat d\u2019entreprise. En nous choisissant comme partenaire financier, vous aurez acc\u00e8s \u00e0 de multiples services et ressources : suivis personnalis\u00e9s, autodiagnostic des comp\u00e9tences entrepreneuriales, suivis des \u00e9tats financiers, consultations gratuites aupr\u00e8s d\u2019experts de notre Brigade-conseil, ressources en d\u00e9veloppement durable, capsules \u00e9ducatives en ligne, etc. Notre approche est humaine et empathique. Ainsi, le soutien offert est adapt\u00e9 \u00e0 votre r\u00e9alit\u00e9 afin de maximiser vos chances de vous d\u00e9velopper pleinement selon vos ambitions. Notre offre de services est destin\u00e9e aux entreprises en d\u00e9marrage, en croissance ou en processus de rel\u00e8ve ou d\u2019acquisition, dont la propri\u00e9t\u00e9 est diversifi\u00e9e et inclusive. C\u2019est-\u00e0-dire qu\u2019elle est dirig\u00e9e par au moins une personne appartenant \u00e0 une communaut\u00e9 sous-repr\u00e9sent\u00e9e en entrepreneuriat (femmes, personnes racis\u00e9es, personnes immigrantes, membres Premi\u00e8res Nations et Inuits, personnes de la communaut\u00e9 LGBTQ2S+ et personnes en situation de handicap) qui d\u00e9tient un poste strat\u00e9gique au sein de l\u2019entreprise et au moins 25 % des parts et des votes.","telephone":"18445237767"}]}},"_links":{"self":[{"href":"https:\/\/www.evol.ca\/en\/wp-json\/wp\/v2\/pages\/4775","targetHints":{"allow":["GET"]}}],"collection":[{"href":"https:\/\/www.evol.ca\/en\/wp-json\/wp\/v2\/pages"}],"about":[{"href":"https:\/\/www.evol.ca\/en\/wp-json\/wp\/v2\/types\/page"}],"author":[{"embeddable":true,"href":"https:\/\/www.evol.ca\/en\/wp-json\/wp\/v2\/users\/3"}],"replies":[{"embeddable":true,"href":"https:\/\/www.evol.ca\/en\/wp-json\/wp\/v2\/comments?post=4775"}],"version-history":[{"count":0,"href":"https:\/\/www.evol.ca\/en\/wp-json\/wp\/v2\/pages\/4775\/revisions"}],"up":[{"embeddable":true,"href":"https:\/\/www.evol.ca\/en\/wp-json\/wp\/v2\/pages\/4773"}],"wp:featuredmedia":[{"embeddable":true,"href":"https:\/\/www.evol.ca\/en\/wp-json\/wp\/v2\/media\/23797"}],"wp:attachment":[{"href":"https:\/\/www.evol.ca\/en\/wp-json\/wp\/v2\/media?parent=4775"}],"curies":[{"name":"wp","href":"https:\/\/api.w.org\/{rel}","templated":true}]}}